{"id":11,"date":"2017-06-19T13:34:36","date_gmt":"2017-06-19T13:34:36","guid":{"rendered":"http:\/\/home.gestionaenergia.cl\/?page_id=11"},"modified":"2018-03-12T14:23:33","modified_gmt":"2018-03-12T14:23:33","slug":"que-es","status":"publish","type":"page","link":"https:\/\/sectorpublico.gestionaenergia.cl\/?page_id=11","title":{"rendered":"\u00bf Qu\u00e9 es ?"},"content":{"rendered":"<p>Gestiona Energ\u00eda es una iniciativa del Ministerio de Energ\u00eda que tiene como objetivo hacer un buen uso de las fuentes energ\u00e9ticas en los edificios p\u00fablicos, contribuyendo a un uso eficiente de los recursos. Por esto, se env\u00eda el Instructivo al que deben acogerse todos los Servicios P\u00fablicos del pa\u00eds.El buen uso de la energ\u00eda tiene m\u00faltiples beneficios, el m\u00e1s directo es el ahorro energ\u00e9tico que a su vez se traduce en disminuci\u00f3n de gastos operacionales y en menores emisiones de gases de efecto invernadero a la atm\u00f3sfera.\n<\/p>\n<p><iframe loading=\"lazy\" width=\"640\" height=\"365\" src=\"https:\/\/www.youtube.com\/embed\/uM8NnoIoLEE\" frameborder=\"0\" allowfullscreen><\/iframe><\/p>\n","protected":false},"excerpt":{"rendered":"<p>Gestiona Energ\u00eda es una iniciativa del Ministerio de Energ\u00eda que tiene como objetivo hacer un buen uso de las fuentes energ\u00e9ticas en los edificios p\u00fablicos, contribuyendo a un uso eficiente de los recursos. Por esto, se env\u00eda el Instructivo al que deben acogerse todos los Servicios P\u00fablicos del pa\u00eds.El buen uso de la energ\u00eda tiene [&hellip;]<\/p>\n","protected":false},"author":12,"featured_media":0,"parent":0,"menu_order":3,"comment_status":"closed","ping_status":"closed","template":"","meta":{"footnotes":""},"class_list":["post-11","page","type-page","status-publish","hentry"],"_links":{"self":[{"href":"https:\/\/sectorpublico.gestionaenergia.cl\/index.php?rest_route=\/wp\/v2\/pages\/11"}],"collection":[{"href":"https:\/\/sectorpublico.gestionaenergia.cl\/index.php?rest_route=\/wp\/v2\/pages"}],"about":[{"href":"https:\/\/sectorpublico.gestionaenergia.cl\/index.php?rest_route=\/wp\/v2\/types\/page"}],"author":[{"embeddable":true,"href":"https:\/\/sectorpublico.gestionaenergia.cl\/index.php?rest_route=\/wp\/v2\/users\/12"}],"replies":[{"embeddable":true,"href":"https:\/\/sectorpublico.gestionaenergia.cl\/index.php?rest_route=%2Fwp%2Fv2%2Fcomments&post=11"}],"version-history":[{"count":2,"href":"https:\/\/sectorpublico.gestionaenergia.cl\/index.php?rest_route=\/wp\/v2\/pages\/11\/revisions"}],"predecessor-version":[{"id":32,"href":"https:\/\/sectorpublico.gestionaenergia.cl\/index.php?rest_route=\/wp\/v2\/pages\/11\/revisions\/32"}],"wp:attachment":[{"href":"https:\/\/sectorpublico.gestionaenergia.cl\/index.php?rest_route=%2Fwp%2Fv2%2Fmedia&parent=11"}],"curies":[{"name":"wp","href":"https:\/\/api.w.org\/{rel}","templated":true}]}}